{"id":1945,"date":"2022-01-08T00:00:00","date_gmt":"2022-01-08T03:00:00","guid":{"rendered":"https:\/\/skymedia2.works\/cedel\/publicaciones\/escuchando-a-los-abuelos-transdisciplina-aves-y-gente-para-cultivar-la-memoria-biocultural\/"},"modified":"2025-08-13T16:51:16","modified_gmt":"2025-08-13T20:51:16","slug":"escuchando-a-los-abuelos-transdisciplina-aves-y-gente-para-cultivar-la-memoria-biocultural","status":"publish","type":"publicaciones","link":"https:\/\/centrodesarrollolocal.uc.cl\/en\/publicaciones\/escuchando-a-los-abuelos-transdisciplina-aves-y-gente-para-cultivar-la-memoria-biocultural\/","title":{"rendered":"Escuchando a los abuelos: transdisciplina, aves y gente para cultivar la memoria biocultural"},"content":{"rendered":"\n<figure class=\"wp-block-image size-full\"><img loading=\"lazy\" decoding=\"async\" width=\"1000\" height=\"563\" src=\"https:\/\/centrodesarrollolocal.uc.cl\/wp-content\/uploads\/2025\/08\/WEB_Escuchando-a-los-abuelos-edited.jpg\" alt=\"\" class=\"wp-image-5673\" srcset=\"https:\/\/centrodesarrollolocal.uc.cl\/wp-content\/uploads\/2025\/08\/WEB_Escuchando-a-los-abuelos-edited.jpg 1000w, https:\/\/centrodesarrollolocal.uc.cl\/wp-content\/uploads\/2025\/08\/WEB_Escuchando-a-los-abuelos-edited-300x169.jpg 300w, https:\/\/centrodesarrollolocal.uc.cl\/wp-content\/uploads\/2025\/08\/WEB_Escuchando-a-los-abuelos-edited-768x432.jpg 768w\" sizes=\"auto, (max-width: 1000px) 100vw, 1000px\" \/><\/figure>\n\n\n\n<p>Presentamos una iniciativa y proponemos una metodolog\u00eda transdisciplinaria para cultivar la memoria biocultural, basada en los procesos de participaci\u00f3n y materializaci\u00f3n en comunidades de pr\u00e1ctica (educativas). Presentamos el proyecto \u00abEscuchando a los abuelos\u00bb, que busc\u00f3 facilitar di\u00e1logos intergeneracionales en tres escuelas mapuche (~ 90 ni\u00f1os y ni\u00f1as) en Wallmapu, Chile. \u00abEscuchando a los abuelos\u00bb utiliz\u00f3 a las aves como protagonistas de narrativas locales sobre el territorio. Cocreamos un ciclo de cinco pasos para promover la participaci\u00f3n y la materializaci\u00f3n. Los ni\u00f1os y ni\u00f1as desarrollaron un ejercicio de abstracci\u00f3n para dar significado a las narrativas que ellos mismos recopilaron para crear memes positivos sobre las aves. Estos memes fueron comunicados dentro y m\u00e1s all\u00e1 de sus comunidades. Concluimos que la experiencia de los abuelos debe ser honrada para contrarrestar la actual extinci\u00f3n de la experiencia biocultural.<\/p>\n","protected":false},"featured_media":5675,"template":"","meta":{"_acf_changed":true},"lineas_de_accion":[241],"class_list":["post-1945","publicaciones","type-publicaciones","status-publish","has-post-thumbnail","hentry","lineas_de_accion-sistemas-socioecologicos-y-relaciones-humano-naturaleza-en"],"acf":[],"yoast_head":"<!-- This site is optimized with the Yoast SEO plugin v24.6 - https:\/\/yoast.com\/wordpress\/plugins\/seo\/ -->\n<title>Escuchando a los abuelos: transdisciplina, aves y gente para cultivar la memoria biocultural<\/title>\n<meta name=\"description\" content=\"Como centro de investigaci\u00f3n cient\u00edfica uno de nuestros pilares es la producci\u00f3n de conocimiento que propongan soluciones para el territorio.\" \/>\n<meta name=\"robots\" content=\"index, follow, max-snippet:-1, max-image-preview:large, max-video-preview:-1\" \/>\n<link rel=\"canonical\" href=\"https:\/\/centrodesarrollolocal.uc.cl\/en\/publicaciones\/escuchando-a-los-abuelos-transdisciplina-aves-y-gente-para-cultivar-la-memoria-biocultural\/\" \/>\n<meta property=\"og:locale\" content=\"en_US\" \/>\n<meta property=\"og:type\" content=\"article\" \/>\n<meta property=\"og:title\" content=\"Escuchando a los abuelos: transdisciplina, aves y gente para cultivar la memoria biocultural\" \/>\n<meta property=\"og:description\" content=\"Como centro de investigaci\u00f3n cient\u00edfica uno de nuestros pilares es la producci\u00f3n de conocimiento que propongan soluciones para el territorio.\" \/>\n<meta property=\"og:url\" content=\"https:\/\/centrodesarrollolocal.uc.cl\/en\/publicaciones\/escuchando-a-los-abuelos-transdisciplina-aves-y-gente-para-cultivar-la-memoria-biocultural\/\" \/>\n<meta property=\"og:site_name\" content=\"Centro UC Desarrollo Local\" \/>\n<meta property=\"article:modified_time\" content=\"2025-08-13T20:51:16+00:00\" \/>\n<meta property=\"og:image\" content=\"https:\/\/centrodesarrollolocal.uc.cl\/wp-content\/uploads\/2025\/08\/WEB_Escuchando-a-los-abuelos-edited.jpg\" \/>\n\t<meta property=\"og:image:width\" content=\"1000\" \/>\n\t<meta property=\"og:image:height\" content=\"563\" \/>\n\t<meta property=\"og:image:type\" content=\"image\/jpeg\" \/>\n<meta name=\"twitter:card\" content=\"summary_large_image\" \/>\n<meta name=\"twitter:label1\" content=\"Est. reading time\" \/>\n\t<meta name=\"twitter:data1\" content=\"1 minute\" \/>\n<script type=\"application\/ld+json\" class=\"yoast-schema-graph\">{\"@context\":\"https:\/\/schema.org\",\"@graph\":[{\"@type\":\"WebPage\",\"@id\":\"https:\/\/centrodesarrollolocal.uc.cl\/en\/publicaciones\/escuchando-a-los-abuelos-transdisciplina-aves-y-gente-para-cultivar-la-memoria-biocultural\/\",\"url\":\"https:\/\/centrodesarrollolocal.uc.cl\/en\/publicaciones\/escuchando-a-los-abuelos-transdisciplina-aves-y-gente-para-cultivar-la-memoria-biocultural\/\",\"name\":\"Escuchando a los abuelos: transdisciplina, aves y gente para cultivar la memoria biocultural\",\"isPartOf\":{\"@id\":\"https:\/\/centrodesarrollolocal.uc.cl\/#website\"},\"primaryImageOfPage\":{\"@id\":\"https:\/\/centrodesarrollolocal.uc.cl\/en\/publicaciones\/escuchando-a-los-abuelos-transdisciplina-aves-y-gente-para-cultivar-la-memoria-biocultural\/#primaryimage\"},\"image\":{\"@id\":\"https:\/\/centrodesarrollolocal.uc.cl\/en\/publicaciones\/escuchando-a-los-abuelos-transdisciplina-aves-y-gente-para-cultivar-la-memoria-biocultural\/#primaryimage\"},\"thumbnailUrl\":\"https:\/\/centrodesarrollolocal.uc.cl\/wp-content\/uploads\/2025\/08\/WEB_Escuchando-a-los-abuelos-edited.jpg\",\"datePublished\":\"2022-01-08T03:00:00+00:00\",\"dateModified\":\"2025-08-13T20:51:16+00:00\",\"description\":\"Como centro de investigaci\u00f3n cient\u00edfica uno de nuestros pilares es la producci\u00f3n de conocimiento que propongan soluciones para el territorio.\",\"breadcrumb\":{\"@id\":\"https:\/\/centrodesarrollolocal.uc.cl\/en\/publicaciones\/escuchando-a-los-abuelos-transdisciplina-aves-y-gente-para-cultivar-la-memoria-biocultural\/#breadcrumb\"},\"inLanguage\":\"en-US\",\"potentialAction\":[{\"@type\":\"ReadAction\",\"target\":[\"https:\/\/centrodesarrollolocal.uc.cl\/en\/publicaciones\/escuchando-a-los-abuelos-transdisciplina-aves-y-gente-para-cultivar-la-memoria-biocultural\/\"]}]},{\"@type\":\"ImageObject\",\"inLanguage\":\"en-US\",\"@id\":\"https:\/\/centrodesarrollolocal.uc.cl\/en\/publicaciones\/escuchando-a-los-abuelos-transdisciplina-aves-y-gente-para-cultivar-la-memoria-biocultural\/#primaryimage\",\"url\":\"https:\/\/centrodesarrollolocal.uc.cl\/wp-content\/uploads\/2025\/08\/WEB_Escuchando-a-los-abuelos-edited.jpg\",\"contentUrl\":\"https:\/\/centrodesarrollolocal.uc.cl\/wp-content\/uploads\/2025\/08\/WEB_Escuchando-a-los-abuelos-edited.jpg\",\"width\":1000,\"height\":563},{\"@type\":\"BreadcrumbList\",\"@id\":\"https:\/\/centrodesarrollolocal.uc.cl\/en\/publicaciones\/escuchando-a-los-abuelos-transdisciplina-aves-y-gente-para-cultivar-la-memoria-biocultural\/#breadcrumb\",\"itemListElement\":[{\"@type\":\"ListItem\",\"position\":1,\"name\":\"Portada\",\"item\":\"https:\/\/centrodesarrollolocal.uc.cl\/\"},{\"@type\":\"ListItem\",\"position\":2,\"name\":\"Publicaciones\",\"item\":\"https:\/\/centrodesarrollolocal.uc.cl\/publicaciones\/\"},{\"@type\":\"ListItem\",\"position\":3,\"name\":\"Escuchando a los abuelos: transdisciplina, aves y gente para cultivar la memoria biocultural\"}]},{\"@type\":\"WebSite\",\"@id\":\"https:\/\/centrodesarrollolocal.uc.cl\/#website\",\"url\":\"https:\/\/centrodesarrollolocal.uc.cl\/\",\"name\":\"Centro UC Desarrollo Local\",\"description\":\"Creemos en la importancia de promover y facilitar la sustentabilidad local en una era global\",\"potentialAction\":[{\"@type\":\"SearchAction\",\"target\":{\"@type\":\"EntryPoint\",\"urlTemplate\":\"https:\/\/centrodesarrollolocal.uc.cl\/?s={search_term_string}\"},\"query-input\":{\"@type\":\"PropertyValueSpecification\",\"valueRequired\":true,\"valueName\":\"search_term_string\"}}],\"inLanguage\":\"en-US\"}]}<\/script>\n<!-- \/ Yoast SEO plugin. -->","yoast_head_json":{"title":"Escuchando a los abuelos: transdisciplina, aves y gente para cultivar la memoria biocultural","description":"Como centro de investigaci\u00f3n cient\u00edfica uno de nuestros pilares es la producci\u00f3n de conocimiento que propongan soluciones para el territorio.","robots":{"index":"index","follow":"follow","max-snippet":"max-snippet:-1","max-image-preview":"max-image-preview:large","max-video-preview":"max-video-preview:-1"},"canonical":"https:\/\/centrodesarrollolocal.uc.cl\/en\/publicaciones\/escuchando-a-los-abuelos-transdisciplina-aves-y-gente-para-cultivar-la-memoria-biocultural\/","og_locale":"en_US","og_type":"article","og_title":"Escuchando a los abuelos: transdisciplina, aves y gente para cultivar la memoria biocultural","og_description":"Como centro de investigaci\u00f3n cient\u00edfica uno de nuestros pilares es la producci\u00f3n de conocimiento que propongan soluciones para el territorio.","og_url":"https:\/\/centrodesarrollolocal.uc.cl\/en\/publicaciones\/escuchando-a-los-abuelos-transdisciplina-aves-y-gente-para-cultivar-la-memoria-biocultural\/","og_site_name":"Centro UC Desarrollo Local","article_modified_time":"2025-08-13T20:51:16+00:00","og_image":[{"width":1000,"height":563,"url":"https:\/\/centrodesarrollolocal.uc.cl\/wp-content\/uploads\/2025\/08\/WEB_Escuchando-a-los-abuelos-edited.jpg","type":"image\/jpeg"}],"twitter_card":"summary_large_image","twitter_misc":{"Est. reading time":"1 minute"},"schema":{"@context":"https:\/\/schema.org","@graph":[{"@type":"WebPage","@id":"https:\/\/centrodesarrollolocal.uc.cl\/en\/publicaciones\/escuchando-a-los-abuelos-transdisciplina-aves-y-gente-para-cultivar-la-memoria-biocultural\/","url":"https:\/\/centrodesarrollolocal.uc.cl\/en\/publicaciones\/escuchando-a-los-abuelos-transdisciplina-aves-y-gente-para-cultivar-la-memoria-biocultural\/","name":"Escuchando a los abuelos: transdisciplina, aves y gente para cultivar la memoria biocultural","isPartOf":{"@id":"https:\/\/centrodesarrollolocal.uc.cl\/#website"},"primaryImageOfPage":{"@id":"https:\/\/centrodesarrollolocal.uc.cl\/en\/publicaciones\/escuchando-a-los-abuelos-transdisciplina-aves-y-gente-para-cultivar-la-memoria-biocultural\/#primaryimage"},"image":{"@id":"https:\/\/centrodesarrollolocal.uc.cl\/en\/publicaciones\/escuchando-a-los-abuelos-transdisciplina-aves-y-gente-para-cultivar-la-memoria-biocultural\/#primaryimage"},"thumbnailUrl":"https:\/\/centrodesarrollolocal.uc.cl\/wp-content\/uploads\/2025\/08\/WEB_Escuchando-a-los-abuelos-edited.jpg","datePublished":"2022-01-08T03:00:00+00:00","dateModified":"2025-08-13T20:51:16+00:00","description":"Como centro de investigaci\u00f3n cient\u00edfica uno de nuestros pilares es la producci\u00f3n de conocimiento que propongan soluciones para el territorio.","breadcrumb":{"@id":"https:\/\/centrodesarrollolocal.uc.cl\/en\/publicaciones\/escuchando-a-los-abuelos-transdisciplina-aves-y-gente-para-cultivar-la-memoria-biocultural\/#breadcrumb"},"inLanguage":"en-US","potentialAction":[{"@type":"ReadAction","target":["https:\/\/centrodesarrollolocal.uc.cl\/en\/publicaciones\/escuchando-a-los-abuelos-transdisciplina-aves-y-gente-para-cultivar-la-memoria-biocultural\/"]}]},{"@type":"ImageObject","inLanguage":"en-US","@id":"https:\/\/centrodesarrollolocal.uc.cl\/en\/publicaciones\/escuchando-a-los-abuelos-transdisciplina-aves-y-gente-para-cultivar-la-memoria-biocultural\/#primaryimage","url":"https:\/\/centrodesarrollolocal.uc.cl\/wp-content\/uploads\/2025\/08\/WEB_Escuchando-a-los-abuelos-edited.jpg","contentUrl":"https:\/\/centrodesarrollolocal.uc.cl\/wp-content\/uploads\/2025\/08\/WEB_Escuchando-a-los-abuelos-edited.jpg","width":1000,"height":563},{"@type":"BreadcrumbList","@id":"https:\/\/centrodesarrollolocal.uc.cl\/en\/publicaciones\/escuchando-a-los-abuelos-transdisciplina-aves-y-gente-para-cultivar-la-memoria-biocultural\/#breadcrumb","itemListElement":[{"@type":"ListItem","position":1,"name":"Portada","item":"https:\/\/centrodesarrollolocal.uc.cl\/"},{"@type":"ListItem","position":2,"name":"Publicaciones","item":"https:\/\/centrodesarrollolocal.uc.cl\/publicaciones\/"},{"@type":"ListItem","position":3,"name":"Escuchando a los abuelos: transdisciplina, aves y gente para cultivar la memoria biocultural"}]},{"@type":"WebSite","@id":"https:\/\/centrodesarrollolocal.uc.cl\/#website","url":"https:\/\/centrodesarrollolocal.uc.cl\/","name":"Centro UC Desarrollo Local","description":"Creemos en la importancia de promover y facilitar la sustentabilidad local en una era global","potentialAction":[{"@type":"SearchAction","target":{"@type":"EntryPoint","urlTemplate":"https:\/\/centrodesarrollolocal.uc.cl\/?s={search_term_string}"},"query-input":{"@type":"PropertyValueSpecification","valueRequired":true,"valueName":"search_term_string"}}],"inLanguage":"en-US"}]}},"_links":{"self":[{"href":"https:\/\/centrodesarrollolocal.uc.cl\/en\/wp-json\/wp\/v2\/publicaciones\/1945","targetHints":{"allow":["GET"]}}],"collection":[{"href":"https:\/\/centrodesarrollolocal.uc.cl\/en\/wp-json\/wp\/v2\/publicaciones"}],"about":[{"href":"https:\/\/centrodesarrollolocal.uc.cl\/en\/wp-json\/wp\/v2\/types\/publicaciones"}],"wp:featuredmedia":[{"embeddable":true,"href":"https:\/\/centrodesarrollolocal.uc.cl\/en\/wp-json\/wp\/v2\/media\/5675"}],"wp:attachment":[{"href":"https:\/\/centrodesarrollolocal.uc.cl\/en\/wp-json\/wp\/v2\/media?parent=1945"}],"wp:term":[{"taxonomy":"lineas_de_accion","embeddable":true,"href":"https:\/\/centrodesarrollolocal.uc.cl\/en\/wp-json\/wp\/v2\/lineas_de_accion?post=1945"}],"curies":[{"name":"wp","href":"https:\/\/api.w.org\/{rel}","templated":true}]}}