{"id":1520,"date":"2022-11-17T13:51:44","date_gmt":"2022-11-17T16:51:44","guid":{"rendered":"http:\/\/skymedia2.works\/cedel\/equipo\/pablo-hermansen\/"},"modified":"2022-12-12T14:15:43","modified_gmt":"2022-12-12T17:15:43","slug":"pablo-hermansen","status":"publish","type":"equipo","link":"https:\/\/centrodesarrollolocal.uc.cl\/en\/equipo\/pablo-hermansen\/","title":{"rendered":"Pablo Hermansen"},"content":{"rendered":"<p>Pablo Hermansen Ulibarri es Dise\u00f1ador y Doctor en Arquitectura y Estudios Urbanos. Ejerce la docencia y la investigaci\u00f3n en la Escuela de Dise\u00f1o de la Pontificia Universidad Cat\u00f3lica de Chile. Desde 2003 lleva la C\u00e1tedra de Dise\u00f1o de Interacci\u00f3n. Como profesor gu\u00eda de titulaci\u00f3n impulsa investigaciones desde el prototipado como dispositivo pol\u00edtico-cr\u00edtico. Como docente de postgrado desarrolla la reflexi\u00f3n-acci\u00f3n posthumanista sobre las consecuencias en la p\u00f3lis y en la pol\u00edtica de la actual crisis de coexistencia interespecies.<\/p>\n<p>Desarrolla la investigaci\u00f3n cualitativa, particularmente la etnograf\u00eda con medios visuales, la indagaci\u00f3n mediante el prototipado y la reflexi\u00f3n mediante dispositivos cr\u00edticos. Desde la pregunta por las condiciones materiales para una coexistencia m\u00e1s-que-humana, sus principales \u00e1mbitos de investigaci\u00f3n son (1) Prototipado interespecies, (2) Estrategias performativas de visibilizaci\u00f3n pol\u00edtica en el espacio p\u00fablico y (3) Servicios p\u00fablicos como espacio p\u00fablico. Profesionalmente, ejerce como director creativo y consultor (1) de proyectos de museograf\u00eda digital e instalaciones interactivas y (2) de dise\u00f1o de servicios, procesos organizacionales y gesti\u00f3n del cambio, especialmente en el sector p\u00fablico.<\/p>\n<p>En julio de 2021, junto a Carola Ureta, Marcos Chilet y Mart\u00edn Tironi, dise\u00f1aron el Pabell\u00f3n de Chile para la London Design Biennale. La propuesta museogr\u00e1fica de este pabell\u00f3n gan\u00f3 la distinci\u00f3n m\u00e1xima, es decir el mayor reconocimiento de este certamen, el m\u00e1s importante de la disciplina a nivel mundial.<\/p>\n","protected":false},"featured_media":0,"template":"","lineas_de_accion":[],"areas":[63],"class_list":["post-1520","equipo","type-equipo","status-publish","hentry","areas-investigadores"],"acf":[],"yoast_head":"<!-- This site is optimized with the Yoast SEO plugin v24.6 - https:\/\/yoast.com\/wordpress\/plugins\/seo\/ -->\n<title>Pablo Hermansen<\/title>\n<meta name=\"description\" content=\"El Centro UC de Desarrollo Local est\u00e1 compuesto por un equipo de profesionales y acad\u00e9micos que dan forma a la misi\u00f3n que tenemos como Centro.\" \/>\n<meta name=\"robots\" content=\"index, follow, max-snippet:-1, max-image-preview:large, max-video-preview:-1\" \/>\n<link rel=\"canonical\" href=\"https:\/\/centrodesarrollolocal.uc.cl\/equipo\/pablo-hermansen\/\" \/>\n<meta property=\"og:locale\" content=\"en_US\" \/>\n<meta property=\"og:type\" content=\"article\" \/>\n<meta property=\"og:title\" content=\"Pablo Hermansen\" \/>\n<meta property=\"og:description\" content=\"El Centro UC de Desarrollo Local est\u00e1 compuesto por un equipo de profesionales y acad\u00e9micos que dan forma a la misi\u00f3n que tenemos como Centro.\" \/>\n<meta property=\"og:url\" content=\"https:\/\/centrodesarrollolocal.uc.cl\/equipo\/pablo-hermansen\/\" \/>\n<meta property=\"og:site_name\" content=\"Centro UC Desarrollo Local\" \/>\n<meta property=\"article:modified_time\" content=\"2022-12-12T17:15:43+00:00\" \/>\n<meta name=\"twitter:card\" content=\"summary_large_image\" \/>\n<meta name=\"twitter:label1\" content=\"Est. reading time\" \/>\n\t<meta name=\"twitter:data1\" content=\"1 minute\" \/>\n<script type=\"application\/ld+json\" class=\"yoast-schema-graph\">{\"@context\":\"https:\/\/schema.org\",\"@graph\":[{\"@type\":\"WebPage\",\"@id\":\"https:\/\/centrodesarrollolocal.uc.cl\/equipo\/pablo-hermansen\/\",\"url\":\"https:\/\/centrodesarrollolocal.uc.cl\/equipo\/pablo-hermansen\/\",\"name\":\"Pablo Hermansen\",\"isPartOf\":{\"@id\":\"https:\/\/centrodesarrollolocal.uc.cl\/#website\"},\"datePublished\":\"2022-11-17T16:51:44+00:00\",\"dateModified\":\"2022-12-12T17:15:43+00:00\",\"description\":\"El Centro UC de Desarrollo Local est\u00e1 compuesto por un equipo de profesionales y acad\u00e9micos que dan forma a la misi\u00f3n que tenemos como Centro.\",\"breadcrumb\":{\"@id\":\"https:\/\/centrodesarrollolocal.uc.cl\/equipo\/pablo-hermansen\/#breadcrumb\"},\"inLanguage\":\"en-US\",\"potentialAction\":[{\"@type\":\"ReadAction\",\"target\":[\"https:\/\/centrodesarrollolocal.uc.cl\/equipo\/pablo-hermansen\/\"]}]},{\"@type\":\"BreadcrumbList\",\"@id\":\"https:\/\/centrodesarrollolocal.uc.cl\/equipo\/pablo-hermansen\/#breadcrumb\",\"itemListElement\":[{\"@type\":\"ListItem\",\"position\":1,\"name\":\"Portada\",\"item\":\"https:\/\/centrodesarrollolocal.uc.cl\/\"},{\"@type\":\"ListItem\",\"position\":2,\"name\":\"Pablo Hermansen\"}]},{\"@type\":\"WebSite\",\"@id\":\"https:\/\/centrodesarrollolocal.uc.cl\/#website\",\"url\":\"https:\/\/centrodesarrollolocal.uc.cl\/\",\"name\":\"Centro UC Desarrollo Local\",\"description\":\"Creemos en la importancia de promover y facilitar la sustentabilidad local en una era global\",\"potentialAction\":[{\"@type\":\"SearchAction\",\"target\":{\"@type\":\"EntryPoint\",\"urlTemplate\":\"https:\/\/centrodesarrollolocal.uc.cl\/?s={search_term_string}\"},\"query-input\":{\"@type\":\"PropertyValueSpecification\",\"valueRequired\":true,\"valueName\":\"search_term_string\"}}],\"inLanguage\":\"en-US\"}]}<\/script>\n<!-- \/ Yoast SEO plugin. -->","yoast_head_json":{"title":"Pablo Hermansen","description":"El Centro UC de Desarrollo Local est\u00e1 compuesto por un equipo de profesionales y acad\u00e9micos que dan forma a la misi\u00f3n que tenemos como Centro.","robots":{"index":"index","follow":"follow","max-snippet":"max-snippet:-1","max-image-preview":"max-image-preview:large","max-video-preview":"max-video-preview:-1"},"canonical":"https:\/\/centrodesarrollolocal.uc.cl\/equipo\/pablo-hermansen\/","og_locale":"en_US","og_type":"article","og_title":"Pablo Hermansen","og_description":"El Centro UC de Desarrollo Local est\u00e1 compuesto por un equipo de profesionales y acad\u00e9micos que dan forma a la misi\u00f3n que tenemos como Centro.","og_url":"https:\/\/centrodesarrollolocal.uc.cl\/equipo\/pablo-hermansen\/","og_site_name":"Centro UC Desarrollo Local","article_modified_time":"2022-12-12T17:15:43+00:00","twitter_card":"summary_large_image","twitter_misc":{"Est. reading time":"1 minute"},"schema":{"@context":"https:\/\/schema.org","@graph":[{"@type":"WebPage","@id":"https:\/\/centrodesarrollolocal.uc.cl\/equipo\/pablo-hermansen\/","url":"https:\/\/centrodesarrollolocal.uc.cl\/equipo\/pablo-hermansen\/","name":"Pablo Hermansen","isPartOf":{"@id":"https:\/\/centrodesarrollolocal.uc.cl\/#website"},"datePublished":"2022-11-17T16:51:44+00:00","dateModified":"2022-12-12T17:15:43+00:00","description":"El Centro UC de Desarrollo Local est\u00e1 compuesto por un equipo de profesionales y acad\u00e9micos que dan forma a la misi\u00f3n que tenemos como Centro.","breadcrumb":{"@id":"https:\/\/centrodesarrollolocal.uc.cl\/equipo\/pablo-hermansen\/#breadcrumb"},"inLanguage":"en-US","potentialAction":[{"@type":"ReadAction","target":["https:\/\/centrodesarrollolocal.uc.cl\/equipo\/pablo-hermansen\/"]}]},{"@type":"BreadcrumbList","@id":"https:\/\/centrodesarrollolocal.uc.cl\/equipo\/pablo-hermansen\/#breadcrumb","itemListElement":[{"@type":"ListItem","position":1,"name":"Portada","item":"https:\/\/centrodesarrollolocal.uc.cl\/"},{"@type":"ListItem","position":2,"name":"Pablo Hermansen"}]},{"@type":"WebSite","@id":"https:\/\/centrodesarrollolocal.uc.cl\/#website","url":"https:\/\/centrodesarrollolocal.uc.cl\/","name":"Centro UC Desarrollo Local","description":"Creemos en la importancia de promover y facilitar la sustentabilidad local en una era global","potentialAction":[{"@type":"SearchAction","target":{"@type":"EntryPoint","urlTemplate":"https:\/\/centrodesarrollolocal.uc.cl\/?s={search_term_string}"},"query-input":{"@type":"PropertyValueSpecification","valueRequired":true,"valueName":"search_term_string"}}],"inLanguage":"en-US"}]}},"_links":{"self":[{"href":"https:\/\/centrodesarrollolocal.uc.cl\/en\/wp-json\/wp\/v2\/equipo\/1520","targetHints":{"allow":["GET"]}}],"collection":[{"href":"https:\/\/centrodesarrollolocal.uc.cl\/en\/wp-json\/wp\/v2\/equipo"}],"about":[{"href":"https:\/\/centrodesarrollolocal.uc.cl\/en\/wp-json\/wp\/v2\/types\/equipo"}],"wp:attachment":[{"href":"https:\/\/centrodesarrollolocal.uc.cl\/en\/wp-json\/wp\/v2\/media?parent=1520"}],"wp:term":[{"taxonomy":"lineas_de_accion","embeddable":true,"href":"https:\/\/centrodesarrollolocal.uc.cl\/en\/wp-json\/wp\/v2\/lineas_de_accion?post=1520"},{"taxonomy":"areas","embeddable":true,"href":"https:\/\/centrodesarrollolocal.uc.cl\/en\/wp-json\/wp\/v2\/areas?post=1520"}],"curies":[{"name":"wp","href":"https:\/\/api.w.org\/{rel}","templated":true}]}}